{"id":30,"date":"2026-09-03T14:13:34","date_gmt":"2026-09-03T14:13:34","guid":{"rendered":"http:\/\/www.ateljeegalleriapuu.fi\/index.php\/tapahtumat\/"},"modified":"2026-09-03T16:03:26","modified_gmt":"2026-09-03T16:03:26","slug":"tapahtumat","status":"publish","type":"page","link":"https:\/\/www.ateljeegalleriapuu.fi\/index.php\/tapahtumat\/","title":{"rendered":"Tapahtumat"},"content":{"rendered":"\n<h4 class=\"wp-block-heading is-style-icecubo-mix-colors-glow-2 is-style-icecubo-mix-colors-glow-2--1\">Veiston\u00e4yt\u00f6kset<\/h4>\n\n\n\n<p class=\"wp-block-paragraph\">N\u00e4e, miten puu muuttuu veist\u00e4j\u00e4n k\u00e4siss\u00e4 Tampereen valoviikoilla 31.10.26 ja 1.11.26 klo 18\u201321veiston\u00e4yt\u00f6kset liveboxissa Taitokeskus Verkarannassa (Taito Pirkanmaa ry, Vuolteentori 2, Tampere).<\/p>\n\n\n\n<h4 class=\"wp-block-heading is-style-icecubo-mix-colors-glow-2 is-style-icecubo-mix-colors-glow-2--2\">Veist\u00f6ty\u00f6pajat yrityksille<\/h4>\n\n\n\n<p class=\"wp-block-paragraph\">Yhteinen tekeminen pys\u00e4ytt\u00e4\u00e4, synnytt\u00e4\u00e4 keskustelua ja tarjoaa erilaisen tavan viett\u00e4\u00e4 aikaa yhdess\u00e4. Ty\u00f6paja voidaan suunnitella ryhm\u00e4n ja tilaisuuden tavoitteiden mukaan.<\/p>\n\n\n\n<p class=\"is-style-icecubo-accent-annotate is-style-icecubo-accent-annotate--3 wp-block-paragraph\">Varaa ty\u00f6paja \u2192<\/p>\n\n\n\n<h4 class=\"wp-block-heading is-style-icecubo-mix-colors-glow-2 is-style-icecubo-mix-colors-glow-2--4\">Veistokurssit<\/h4>\n\n\n\n<p class=\"wp-block-paragraph\">Ohjattuja kokonaisuuksia, joissa p\u00e4\u00e4set tutustumaan puunveistoon rauhassa ja etenem\u00e4\u00e4n oman tekemisesi kautta. Aikaisempaa kokemusta ei tarvita.<\/p>\n\n\n\n<h4 class=\"wp-block-heading is-style-icecubo-mix-colors-glow-2 is-style-icecubo-mix-colors-glow-2--5\">Omatoimiveistoillat<\/h4>\n\n\n\n<p class=\"wp-block-paragraph\">Haluatko vain tulla tekem\u00e4\u00e4n? Omatoimiveistoillassa saat tilan k\u00e4ytt\u00f6\u00f6si ja voit antaa puun n\u00e4ytt\u00e4\u00e4 suunnan. Ota omat taltat mukaan tai vuokraa ne illaksi. Veistoaihioita on my\u00f6s myynniss\u00e4.<\/p>\n\n\n\n<p class=\"wp-block-paragraph\"><\/p>\n\n\n\n<p class=\"wp-block-paragraph\"><\/p>\n\n\n\n<p class=\"wp-block-paragraph\"><\/p>\n","protected":false},"excerpt":{"rendered":"<p>Veiston\u00e4yt\u00f6kset N\u00e4e, miten puu muuttuu veist\u00e4j\u00e4n k\u00e4siss\u00e4 Tampereen valoviikoilla 31.10.26 ja 1.11.26 klo 18\u201321veiston\u00e4yt\u00f6kset liveboxissa Taitokeskus Verkarannassa (Taito Pirkanmaa ry, Vuolteentori 2, Tampere). Veist\u00f6ty\u00f6pajat yrityksille Yhteinen tekeminen pys\u00e4ytt\u00e4\u00e4, synnytt\u00e4\u00e4 keskustelua ja tarjoaa erilaisen tavan viett\u00e4\u00e4 aikaa yhdess\u00e4. Ty\u00f6paja voidaan suunnitella ryhm\u00e4n ja tilaisuuden tavoitteiden mukaan. Varaa ty\u00f6paja \u2192 Veistokurssit Ohjattuja kokonaisuuksia, joissa p\u00e4\u00e4set tutustumaan puunveistoon&hellip;<\/p>\n","protected":false},"author":1,"featured_media":0,"parent":0,"menu_order":0,"comment_status":"closed","ping_status":"closed","template":"","meta":{"footnotes":""},"class_list":["post-30","page","type-page","status-publish","hentry"],"_links":{"self":[{"href":"https:\/\/www.ateljeegalleriapuu.fi\/index.php\/wp-json\/wp\/v2\/pages\/30","targetHints":{"allow":["GET"]}}],"collection":[{"href":"https:\/\/www.ateljeegalleriapuu.fi\/index.php\/wp-json\/wp\/v2\/pages"}],"about":[{"href":"https:\/\/www.ateljeegalleriapuu.fi\/index.php\/wp-json\/wp\/v2\/types\/page"}],"author":[{"embeddable":true,"href":"https:\/\/www.ateljeegalleriapuu.fi\/index.php\/wp-json\/wp\/v2\/users\/1"}],"replies":[{"embeddable":true,"href":"https:\/\/www.ateljeegalleriapuu.fi\/index.php\/wp-json\/wp\/v2\/comments?post=30"}],"version-history":[{"count":5,"href":"https:\/\/www.ateljeegalleriapuu.fi\/index.php\/wp-json\/wp\/v2\/pages\/30\/revisions"}],"predecessor-version":[{"id":46,"href":"https:\/\/www.ateljeegalleriapuu.fi\/index.php\/wp-json\/wp\/v2\/pages\/30\/revisions\/46"}],"wp:attachment":[{"href":"https:\/\/www.ateljeegalleriapuu.fi\/index.php\/wp-json\/wp\/v2\/media?parent=30"}],"curies":[{"name":"wp","href":"https:\/\/api.w.org\/{rel}","templated":true}]}}